{"version":"1.0","provider_name":"Pulso27","provider_url":"https:\/\/pulso27.com\/es","author_name":"El Muki","author_url":"https:\/\/pulso27.com\/es\/author\/elcuervo\/","title":"CONTROVERSIAS EN EL ESCENARIO POL\u00cdTICO Y JUR\u00cdDICO - Pulso27","type":"rich","width":600,"height":338,"html":"<blockquote class=\"wp-embedded-content\" data-secret=\"UPXf0teT3F\"><a href=\"https:\/\/pulso27.com\/es\/nacional\/controversias-en-el-escenario-politico-y-juridico\/\">CONTROVERSIAS EN EL ESCENARIO POL\u00cdTICO Y JUR\u00cdDICO<\/a><\/blockquote><iframe sandbox=\"allow-scripts\" security=\"restricted\" src=\"https:\/\/pulso27.com\/es\/nacional\/controversias-en-el-escenario-politico-y-juridico\/embed\/#?secret=UPXf0teT3F\" width=\"600\" height=\"338\" title=\"\u00abCONTROVERSIAS EN EL ESCENARIO POL\u00cdTICO Y JUR\u00cdDICO\u00bb \u2014 Pulso27\" data-secret=\"UPXf0teT3F\" frameborder=\"0\" marginwidth=\"0\" marginheight=\"0\" scrolling=\"no\" class=\"wp-embedded-content\"><\/iframe><script type=\"text\/javascript\">\n\/* <![CDATA[ *\/\n\/*! This file is auto-generated *\/\n!function(d,l){\"use strict\";l.querySelector&&d.addEventListener&&\"undefined\"!=typeof URL&&(d.wp=d.wp||{},d.wp.receiveEmbedMessage||(d.wp.receiveEmbedMessage=function(e){var t=e.data;if((t||t.secret||t.message||t.value)&&!\/[^a-zA-Z0-9]\/.test(t.secret)){for(var s,r,n,a=l.querySelectorAll('iframe[data-secret=\"'+t.secret+'\"]'),o=l.querySelectorAll('blockquote[data-secret=\"'+t.secret+'\"]'),c=new RegExp(\"^https?:$\",\"i\"),i=0;i<o.length;i++)o[i].style.display=\"none\";for(i=0;i<a.length;i++)s=a[i],e.source===s.contentWindow&&(s.removeAttribute(\"style\"),\"height\"===t.message?(1e3<(r=parseInt(t.value,10))?r=1e3:~~r<200&&(r=200),s.height=r):\"link\"===t.message&&(r=new URL(s.getAttribute(\"src\")),n=new URL(t.value),c.test(n.protocol))&&n.host===r.host&&l.activeElement===s&&(d.top.location.href=t.value))}},d.addEventListener(\"message\",d.wp.receiveEmbedMessage,!1),l.addEventListener(\"DOMContentLoaded\",function(){for(var e,t,s=l.querySelectorAll(\"iframe.wp-embedded-content\"),r=0;r<s.length;r++)(t=(e=s[r]).getAttribute(\"data-secret\"))||(t=Math.random().toString(36).substring(2,12),e.src+=\"#?secret=\"+t,e.setAttribute(\"data-secret\",t)),e.contentWindow.postMessage({message:\"ready\",secret:t},\"*\")},!1)))}(window,document);\n\/* ]]> *\/\n<\/script>\n","thumbnail_url":"https:\/\/pulso27.com\/wp-content\/uploads\/2024\/08\/DefensorExtinsionDominio.jpg","thumbnail_width":1200,"thumbnail_height":630,"description":"El Defensor del Pueblo, Josu\u00e9 Guti\u00e9rrez, y su reciente demanda de inconstitucionalidad contra algunos art\u00edculos del Decreto Legislativo n.\u00b0 1373 sobre Extinci\u00f3n de Dominio. Esta acci\u00f3n ha desencadenado un intenso debate sobre el papel del Defensor del Pueblo, la integridad de las instituciones p\u00fablicas y la lucha contra la criminalidad en el Per\u00fa. La demanda [&hellip;]"}