{"version":"1.0","provider_name":"Pulso27","provider_url":"https:\/\/pulso27.com\/es","author_name":"Tupaq","author_url":"https:\/\/pulso27.com\/es\/author\/tupaq\/","title":"Programan protestas contra r\u00e9gimen de Boluarte y Ot\u00e1rola - Pulso27","type":"rich","width":600,"height":338,"html":"<blockquote class=\"wp-embedded-content\" data-secret=\"Y4E090WR6J\"><a href=\"https:\/\/pulso27.com\/es\/nacional\/programan-protestas-contra-regimen-de-boluarte-y-otarolasdddddddd\/\">Programan protestas contra r\u00e9gimen de Boluarte y Ot\u00e1rola<\/a><\/blockquote><iframe sandbox=\"allow-scripts\" security=\"restricted\" src=\"https:\/\/pulso27.com\/es\/nacional\/programan-protestas-contra-regimen-de-boluarte-y-otarolasdddddddd\/embed\/#?secret=Y4E090WR6J\" width=\"600\" height=\"338\" title=\"\u00abPrograman protestas contra r\u00e9gimen de Boluarte y Ot\u00e1rola\u00bb \u2014 Pulso27\" data-secret=\"Y4E090WR6J\" frameborder=\"0\" marginwidth=\"0\" marginheight=\"0\" scrolling=\"no\" class=\"wp-embedded-content\"><\/iframe><script type=\"text\/javascript\">\n\/* <![CDATA[ *\/\n\/*! This file is auto-generated *\/\n!function(d,l){\"use strict\";l.querySelector&&d.addEventListener&&\"undefined\"!=typeof URL&&(d.wp=d.wp||{},d.wp.receiveEmbedMessage||(d.wp.receiveEmbedMessage=function(e){var t=e.data;if((t||t.secret||t.message||t.value)&&!\/[^a-zA-Z0-9]\/.test(t.secret)){for(var s,r,n,a=l.querySelectorAll('iframe[data-secret=\"'+t.secret+'\"]'),o=l.querySelectorAll('blockquote[data-secret=\"'+t.secret+'\"]'),c=new RegExp(\"^https?:$\",\"i\"),i=0;i<o.length;i++)o[i].style.display=\"none\";for(i=0;i<a.length;i++)s=a[i],e.source===s.contentWindow&&(s.removeAttribute(\"style\"),\"height\"===t.message?(1e3<(r=parseInt(t.value,10))?r=1e3:~~r<200&&(r=200),s.height=r):\"link\"===t.message&&(r=new URL(s.getAttribute(\"src\")),n=new URL(t.value),c.test(n.protocol))&&n.host===r.host&&l.activeElement===s&&(d.top.location.href=t.value))}},d.addEventListener(\"message\",d.wp.receiveEmbedMessage,!1),l.addEventListener(\"DOMContentLoaded\",function(){for(var e,t,s=l.querySelectorAll(\"iframe.wp-embedded-content\"),r=0;r<s.length;r++)(t=(e=s[r]).getAttribute(\"data-secret\"))||(t=Math.random().toString(36).substring(2,12),e.src+=\"#?secret=\"+t,e.setAttribute(\"data-secret\",t)),e.contentWindow.postMessage({message:\"ready\",secret:t},\"*\")},!1)))}(window,document);\n\/* ]]> *\/\n<\/script>\n","thumbnail_url":"https:\/\/pulso27.com\/wp-content\/uploads\/2024\/02\/Boluar.png","thumbnail_width":640,"thumbnail_height":371,"description":"El Comit\u00e9 Nacional Unificado de Lucha (CNUL) anunci\u00f3 una marcha contra la presidenta Dina Boluarte y el Congreso de la Rep\u00fablica en las 26 regiones del Per\u00fa para exigir el cumplimiento de una plataforma de lucha. As\u00ed lo inform\u00f3 el secretario general de la Confederaci\u00f3n General de los Trabajadores del Per\u00fa (CGTP), Jer\u00f3nimo L\u00f3pez, quien [&hellip;]"}